{"id":1196,"date":"2024-12-04T15:52:32","date_gmt":"2024-12-04T15:52:32","guid":{"rendered":"https:\/\/www.cfaebi.pt\/portal\/?page_id=1196"},"modified":"2024-12-14T19:02:59","modified_gmt":"2024-12-14T19:02:59","slug":"noticias","status":"publish","type":"page","link":"https:\/\/www.cfaebi.pt\/portal\/noticias\/","title":{"rendered":"Not\u00edcias"},"content":{"rendered":"\n    \n    <section class=\"u-clearfix u-palette-5-base u-section-2\" id=\"sec-0261\">\n      <div class=\"u-clearfix u-sheet u-sheet-1\">\n        <h3 class=\"u-text u-text-black u-text-default u-text-1\">Not\u00edcias<\/h3>\n        <div class=\"u-shape u-shape-svg u-text-black u-shape-1\">\n          <svg class=\"u-svg-link\" preserveAspectRatio=\"none\" viewBox=\"0 0 160 74\" style=\"\"><use xlink:href=\"#svg-c5e0\"><\/use><\/svg>\n          <svg class=\"u-svg-content\" viewBox=\"0 0 160 74\" x=\"0px\" y=\"0px\" id=\"svg-c5e0\"><path d=\"M32,15.9c0,8.7-7.3,15.9-16,15.9S0,24.5,0,15.9S7.3,0,16,0S32,7.2,32,15.9z M74.7,15.9c0,8.7-7.3,15.9-16,15.9\n\ts-16-7.2-16-15.9S49.9,0,58.7,0S74.7,7.2,74.7,15.9z M117.3,15.9c0,8.7-7.3,15.9-16,15.9s-16-7.2-16-15.9S92.6,0,101.3,0\n\tS117.3,7.2,117.3,15.9z M160,15.9c0,8.7-7.3,15.9-16,15.9s-16-7.2-16-15.9S135.3,0,144,0S160,7.2,160,15.9z M32,58.1\n\tC32,66.8,24.7,74,16,74S0,66.8,0,58.1s7.3-15.9,16-15.9S32,49.5,32,58.1z M74.7,58.1c0,8.7-7.3,15.9-16,15.9s-16-7.2-16-15.9\n\ts7.3-15.9,16-15.9S74.7,49.5,74.7,58.1z M117.3,58.1c0,8.7-7.3,15.9-16,15.9s-16-7.2-16-15.9s7.3-15.9,16-15.9\n\tS117.3,49.5,117.3,58.1z M160,58.1c0,8.7-7.3,15.9-16,15.9s-16-7.2-16-15.9s7.3-15.9,16-15.9S160,49.5,160,58.1z\"><\/path><\/svg>\n        <\/div>\n        <div class=\"u-blog u-container-style u-expanded-width u-pagination-center u-blog-1\">\n          <div class=\"u-list-control\"><\/div>\n          <div class=\"u-repeater u-repeater-1\">\n            <div class=\"u-blog-post u-container-style u-repeater-item u-white u-repeater-item-1\">\n              <div class=\"u-container-layout u-similar-container u-container-layout-1\">\n                <h3 class=\"u-blog-control u-text u-text-palette-1-dark-2 u-text-2\">\n                  <a class=\"u-post-header-link\" href=\"https:\/\/www.cfaebi.pt\/portal\/2026\/03\/16\/apresentacao-do-projeto-rumo-integrada-no-2o-encontro-covilha-cidade-educadora\/\">Apresenta\u00e7\u00e3o do projeto RUMO integrada no 2\u00ba Encontro \"Covilh\u00e3 Cidade Educadora\"<\/a>\n                <\/h3>\n                <div class=\"u-blog-control u-metadata u-text-grey-25 u-metadata-1\">\n                  <span class=\"u-meta-date u-meta-icon\">16 de Mar\u00e7o, 2026<\/span>\n                <\/div><a class=\"custom-expanded u-blog-control u-image u-image-default u-image-1\" href=\"https:\/\/www.cfaebi.pt\/portal\/2026\/03\/16\/apresentacao-do-projeto-rumo-integrada-no-2o-encontro-covilha-cidade-educadora\/\">\n                <img decoding=\"async\" src=\"https:\/\/www.cfaebi.pt\/portal\/wp-content\/uploads\/2026\/03\/IMG_6592-scaled.png\" alt=\"\" class=\"custom-expanded u-blog-control u-image u-image-default u-image-1\"><\/a>\n                <div class=\"u-blog-control u-post-content u-text u-text-3\"><p>\nO\u00a0Projeto RUMO\u00a0foi apresentado no\u00a02.\u00ba Encontro da Covilh\u00e3 Educadora, que decorreu entre os dias\u00a011 e 14 de mar\u00e7o de 2026\u00a0e que se centrou nos &hellip;<\/p>\n                <\/div>\n                <a href=\"https:\/\/www.cfaebi.pt\/portal\/2026\/03\/16\/apresentacao-do-projeto-rumo-integrada-no-2o-encontro-covilha-cidade-educadora\/\" class=\"u-active-none u-blog-control u-border-2 u-border-no-left u-border-no-right u-border-no-top u-border-palette-1-dark-2 u-btn u-btn-rectangle u-button-style u-hover-none u-none u-btn-1\">Ler mais<\/a>\n                <div class=\"u-border-2 u-border-palette-1-dark-2 u-line u-line-horizontal u-line-1\"><\/div>\n              <\/div>\n            <\/div>\n            <div class=\"u-blog-post u-container-style u-repeater-item u-white u-repeater-item-1\">\n              <div class=\"u-container-layout u-similar-container u-container-layout-1\">\n                <h3 class=\"u-blog-control u-text u-text-palette-1-dark-2 u-text-2\">\n                  <a class=\"u-post-header-link\" href=\"https:\/\/www.cfaebi.pt\/portal\/2026\/03\/09\/cfaebi-adere-objetivos-de-desenvolvimento-sustentavel-ods\/\">CFAEBI adere Objetivos de Desenvolvimento Sustent\u00e1vel (ODS)<\/a>\n                <\/h3>\n                <div class=\"u-blog-control u-metadata u-text-grey-25 u-metadata-1\">\n                  <span class=\"u-meta-date u-meta-icon\">9 de Mar\u00e7o, 2026<\/span>\n                <\/div><a class=\"custom-expanded u-blog-control u-image u-image-default u-image-1\" href=\"https:\/\/www.cfaebi.pt\/portal\/2026\/03\/09\/cfaebi-adere-objetivos-de-desenvolvimento-sustentavel-ods\/\">\n                <img decoding=\"async\" src=\"https:\/\/www.cfaebi.pt\/portal\/wp-content\/uploads\/2026\/03\/shutterstock_2055642494_site.jpg\" alt=\"\" class=\"custom-expanded u-blog-control u-image u-image-default u-image-1\"><\/a>\n                <div class=\"u-blog-control u-post-content u-text u-text-3\"><p>\nO Centro de Forma\u00e7\u00e3o das Escolas Associadas da Beira Interior (CFAEBI) reconhece a import\u00e2ncia dos Objetivos de Desenvolvimento Sustent\u00e1vel (ODS) &hellip;<\/p>\n                <\/div>\n                <a href=\"https:\/\/www.cfaebi.pt\/portal\/2026\/03\/09\/cfaebi-adere-objetivos-de-desenvolvimento-sustentavel-ods\/\" class=\"u-active-none u-blog-control u-border-2 u-border-no-left u-border-no-right u-border-no-top u-border-palette-1-dark-2 u-btn u-btn-rectangle u-button-style u-hover-none u-none u-btn-1\">Ler mais<\/a>\n                <div class=\"u-border-2 u-border-palette-1-dark-2 u-line u-line-horizontal u-line-1\"><\/div>\n              <\/div>\n            <\/div>\n            <div class=\"u-blog-post u-container-style u-repeater-item u-white u-repeater-item-1\">\n              <div class=\"u-container-layout u-similar-container u-container-layout-1\">\n                <h3 class=\"u-blog-control u-text u-text-palette-1-dark-2 u-text-2\">\n                  <a class=\"u-post-header-link\" href=\"https:\/\/www.cfaebi.pt\/portal\/2025\/12\/18\/boas-festas\/\">BOAS FESTAS<\/a>\n                <\/h3>\n                <div class=\"u-blog-control u-metadata u-text-grey-25 u-metadata-1\">\n                  <span class=\"u-meta-date u-meta-icon\">18 de Dezembro, 2025<\/span>\n                <\/div><a class=\"custom-expanded u-blog-control u-image u-image-default u-image-1\" href=\"https:\/\/www.cfaebi.pt\/portal\/2025\/12\/18\/boas-festas\/\">\n                <img decoding=\"async\" src=\"https:\/\/www.cfaebi.pt\/portal\/wp-content\/uploads\/2025\/12\/Boas_Festas_2025.png\" alt=\"\" class=\"custom-expanded u-blog-control u-image u-image-default u-image-1\"><\/a>\n                <div class=\"u-blog-control u-post-content u-text u-text-3\"><p>\nDesejamos a todos um Bom Natal e um Excelente Ano Novo\n\n\n\n\n<\/p>\n                <\/div>\n                <a href=\"https:\/\/www.cfaebi.pt\/portal\/2025\/12\/18\/boas-festas\/\" class=\"u-active-none u-blog-control u-border-2 u-border-no-left u-border-no-right u-border-no-top u-border-palette-1-dark-2 u-btn u-btn-rectangle u-button-style u-hover-none u-none u-btn-1\">Ler mais<\/a>\n                <div class=\"u-border-2 u-border-palette-1-dark-2 u-line u-line-horizontal u-line-1\"><\/div>\n              <\/div>\n            <\/div>\n            <div class=\"u-blog-post u-container-style u-repeater-item u-white u-repeater-item-1\">\n              <div class=\"u-container-layout u-similar-container u-container-layout-1\">\n                <h3 class=\"u-blog-control u-text u-text-palette-1-dark-2 u-text-2\">\n                  <a class=\"u-post-header-link\" href=\"https:\/\/www.cfaebi.pt\/portal\/2025\/11\/04\/leds-em-rede\/\">LEDs em REDE<\/a>\n                <\/h3>\n                <div class=\"u-blog-control u-metadata u-text-grey-25 u-metadata-1\">\n                  <span class=\"u-meta-date u-meta-icon\">4 de Novembro, 2025<\/span>\n                <\/div><a class=\"custom-expanded u-blog-control u-image u-image-default u-image-1\" href=\"https:\/\/www.cfaebi.pt\/portal\/2025\/11\/04\/leds-em-rede\/\">\n                <img decoding=\"async\" src=\"https:\/\/www.cfaebi.pt\/portal\/wp-content\/uploads\/2025\/11\/LED_1.png\" alt=\"\" class=\"custom-expanded u-blog-control u-image u-image-default u-image-1\"><\/a>\n                <div class=\"u-blog-control u-post-content u-text u-text-3\"><p>\n\n\n\n\nA implementa\u00e7\u00e3o do projeto LEDs em Rede \u2013 CFAEBI 25\/26 representa uma oportunidade de transforma\u00e7\u00e3o cultural e pedag\u00f3gica nas escolas da Beira &hellip;<\/p>\n                <\/div>\n                <a href=\"https:\/\/www.cfaebi.pt\/portal\/2025\/11\/04\/leds-em-rede\/\" class=\"u-active-none u-blog-control u-border-2 u-border-no-left u-border-no-right u-border-no-top u-border-palette-1-dark-2 u-btn u-btn-rectangle u-button-style u-hover-none u-none u-btn-1\">Ler mais<\/a>\n                <div class=\"u-border-2 u-border-palette-1-dark-2 u-line u-line-horizontal u-line-1\"><\/div>\n              <\/div>\n            <\/div>\n            <div class=\"u-blog-post u-container-style u-repeater-item u-white u-repeater-item-1\">\n              <div class=\"u-container-layout u-similar-container u-container-layout-1\">\n                <h3 class=\"u-blog-control u-text u-text-palette-1-dark-2 u-text-2\">\n                  <a class=\"u-post-header-link\" href=\"https:\/\/www.cfaebi.pt\/portal\/2025\/05\/28\/apresentacao-do-projeto-rumo\/\">Apresenta\u00e7\u00e3o do Projeto \"RUMO\"<\/a>\n                <\/h3>\n                <div class=\"u-blog-control u-metadata u-text-grey-25 u-metadata-1\">\n                  <span class=\"u-meta-date u-meta-icon\">28 de Maio, 2025<\/span>\n                <\/div><a class=\"custom-expanded u-blog-control u-image u-image-default u-image-1\" href=\"https:\/\/www.cfaebi.pt\/portal\/2025\/05\/28\/apresentacao-do-projeto-rumo\/\">\n                <img decoding=\"async\" src=\"https:\/\/www.cfaebi.pt\/portal\/wp-content\/uploads\/2025\/05\/499830565_1539802477019974_6015302974938779674_n-1024x768.jpg\" alt=\"\" class=\"custom-expanded u-blog-control u-image u-image-default u-image-1\"><\/a>\n                <div class=\"u-blog-control u-post-content u-text u-text-3\"><p>\nDecorreu no passado dia 23\/05\/2025 a AFCD de 3 horas, cujo tema foi a Apresenta\u00e7\u00e3o do Observat\u00f3rio de Alunos Migrantes da Beira Interior - RUMO. O &hellip;<\/p>\n                <\/div>\n                <a href=\"https:\/\/www.cfaebi.pt\/portal\/2025\/05\/28\/apresentacao-do-projeto-rumo\/\" class=\"u-active-none u-blog-control u-border-2 u-border-no-left u-border-no-right u-border-no-top u-border-palette-1-dark-2 u-btn u-btn-rectangle u-button-style u-hover-none u-none u-btn-1\">Ler mais<\/a>\n                <div class=\"u-border-2 u-border-palette-1-dark-2 u-line u-line-horizontal u-line-1\"><\/div>\n              <\/div>\n            <\/div>\n            <div class=\"u-blog-post u-container-style u-repeater-item u-white u-repeater-item-1\">\n              <div class=\"u-container-layout u-similar-container u-container-layout-1\">\n                <h3 class=\"u-blog-control u-text u-text-palette-1-dark-2 u-text-2\">\n                  <a class=\"u-post-header-link\" href=\"https:\/\/www.cfaebi.pt\/portal\/2025\/03\/27\/afdc-descobrir-o-laboratorio-de-educacao-digital\/\">AFDC - Descobrir o Laborat\u00f3rio de Educa\u00e7\u00e3o Digital<\/a>\n                <\/h3>\n                <div class=\"u-blog-control u-metadata u-text-grey-25 u-metadata-1\">\n                  <span class=\"u-meta-date u-meta-icon\">27 de Mar\u00e7o, 2025<\/span>\n                <\/div><a class=\"custom-expanded u-blog-control u-image u-image-default u-image-1\" href=\"https:\/\/www.cfaebi.pt\/portal\/2025\/03\/27\/afdc-descobrir-o-laboratorio-de-educacao-digital\/\">\n                <img decoding=\"async\" src=\"https:\/\/www.cfaebi.pt\/portal\/wp-content\/uploads\/2025\/03\/IMG_3866.png\" alt=\"\" class=\"custom-expanded u-blog-control u-image u-image-default u-image-1\"><\/a>\n                <div class=\"u-blog-control u-post-content u-text u-text-3\"><p>\nO Agrupamento de Escolas Frei Heitor Pinto est\u00e1 a dinamizar uma A\u00e7\u00e3o de Forma\u00e7\u00e3o de Curta Dura\u00e7\u00e3o, com a dura\u00e7\u00e3o de 6 horas, com o objetivo de &hellip;<\/p>\n                <\/div>\n                <a href=\"https:\/\/www.cfaebi.pt\/portal\/2025\/03\/27\/afdc-descobrir-o-laboratorio-de-educacao-digital\/\" class=\"u-active-none u-blog-control u-border-2 u-border-no-left u-border-no-right u-border-no-top u-border-palette-1-dark-2 u-btn u-btn-rectangle u-button-style u-hover-none u-none u-btn-1\">Ler mais<\/a>\n                <div class=\"u-border-2 u-border-palette-1-dark-2 u-line u-line-horizontal u-line-1\"><\/div>\n              <\/div>\n            <\/div>\n            <div class=\"u-blog-post u-container-style u-repeater-item u-white u-repeater-item-1\">\n              <div class=\"u-container-layout u-similar-container u-container-layout-1\">\n                <h3 class=\"u-blog-control u-text u-text-palette-1-dark-2 u-text-2\">\n                  <a class=\"u-post-header-link\" href=\"https:\/\/www.cfaebi.pt\/portal\/2025\/02\/24\/video-do-evento-regional-capacitacao-digital-das-escolas-2025\/\">V\u00eddeo do Evento Regional Capacita\u00e7\u00e3o Digital das Escolas 2025, em Pinhel<\/a>\n                <\/h3>\n                <div class=\"u-blog-control u-metadata u-text-grey-25 u-metadata-1\">\n                  <span class=\"u-meta-date u-meta-icon\">24 de Fevereiro, 2025<\/span>\n                <\/div><a class=\"custom-expanded u-blog-control u-image u-image-default u-image-1\" href=\"https:\/\/www.cfaebi.pt\/portal\/2025\/02\/24\/video-do-evento-regional-capacitacao-digital-das-escolas-2025\/\">\n                <img decoding=\"async\" src=\"https:\/\/www.cfaebi.pt\/portal\/wp-content\/uploads\/2025\/02\/481023344_661993543005620_7899771434909745703_n.jpg\" alt=\"\" class=\"custom-expanded u-blog-control u-image u-image-default u-image-1\"><\/a>\n                <div class=\"u-blog-control u-post-content u-text u-text-3\"><p>\n\nhttps:\/\/www.youtube.com\/watch?v=KL4kxph_Ea0\n\n<\/p>\n                <\/div>\n                <a href=\"https:\/\/www.cfaebi.pt\/portal\/2025\/02\/24\/video-do-evento-regional-capacitacao-digital-das-escolas-2025\/\" class=\"u-active-none u-blog-control u-border-2 u-border-no-left u-border-no-right u-border-no-top u-border-palette-1-dark-2 u-btn u-btn-rectangle u-button-style u-hover-none u-none u-btn-1\">Ler mais<\/a>\n                <div class=\"u-border-2 u-border-palette-1-dark-2 u-line u-line-horizontal u-line-1\"><\/div>\n              <\/div>\n            <\/div>\n            <div class=\"u-blog-post u-container-style u-repeater-item u-white u-repeater-item-1\">\n              <div class=\"u-container-layout u-similar-container u-container-layout-1\">\n                <h3 class=\"u-blog-control u-text u-text-palette-1-dark-2 u-text-2\">\n                  <a class=\"u-post-header-link\" href=\"https:\/\/www.cfaebi.pt\/portal\/2025\/02\/24\/evento-regional-capacitacao-digital-das-escolas-2025-em-pinhel\/\">Evento Regional Capacita\u00e7\u00e3o Digital das Escolas 2025, em Pinhel<\/a>\n                <\/h3>\n                <div class=\"u-blog-control u-metadata u-text-grey-25 u-metadata-1\">\n                  <span class=\"u-meta-date u-meta-icon\">24 de Fevereiro, 2025<\/span>\n                <\/div><a class=\"custom-expanded u-blog-control u-image u-image-default u-image-1\" href=\"https:\/\/www.cfaebi.pt\/portal\/2025\/02\/24\/evento-regional-capacitacao-digital-das-escolas-2025-em-pinhel\/\">\n                <img decoding=\"async\" src=\"https:\/\/www.cfaebi.pt\/portal\/wp-content\/uploads\/2025\/02\/481906159_661992416339066_2460477446978497106_n.jpg\" alt=\"\" class=\"custom-expanded u-blog-control u-image u-image-default u-image-1\"><\/a>\n                <div class=\"u-blog-control u-post-content u-text u-text-3\"><p>\nA Dire\u00e7\u00e3o-Geral da Educa\u00e7\u00e3o, em parceria com os Centros de Compet\u00eancia TIC (CC TIC) e os Centros de Forma\u00e7\u00e3o de Associa\u00e7\u00f5es de Escolas (CFAE), &hellip;<\/p>\n                <\/div>\n                <a href=\"https:\/\/www.cfaebi.pt\/portal\/2025\/02\/24\/evento-regional-capacitacao-digital-das-escolas-2025-em-pinhel\/\" class=\"u-active-none u-blog-control u-border-2 u-border-no-left u-border-no-right u-border-no-top u-border-palette-1-dark-2 u-btn u-btn-rectangle u-button-style u-hover-none u-none u-btn-1\">Ler mais<\/a>\n                <div class=\"u-border-2 u-border-palette-1-dark-2 u-line u-line-horizontal u-line-1\"><\/div>\n              <\/div>\n            <\/div>\n            <div class=\"u-blog-post u-container-style u-repeater-item u-white u-repeater-item-1\">\n              <div class=\"u-container-layout u-similar-container u-container-layout-1\">\n                <h3 class=\"u-blog-control u-text u-text-palette-1-dark-2 u-text-2\">\n                  <a class=\"u-post-header-link\" href=\"https:\/\/www.cfaebi.pt\/portal\/2025\/02\/18\/seminario-dge-aprender-mais-agora-2025\/\">Semin\u00e1rio DGE \u201cAprender Mais Agora\u201d - 2025<\/a>\n                <\/h3>\n                <div class=\"u-blog-control u-metadata u-text-grey-25 u-metadata-1\">\n                  <span class=\"u-meta-date u-meta-icon\">18 de Fevereiro, 2025<\/span>\n                <\/div><a class=\"custom-expanded u-blog-control u-image u-image-default u-image-1\" href=\"https:\/\/www.cfaebi.pt\/portal\/2025\/02\/18\/seminario-dge-aprender-mais-agora-2025\/\">\n                <img decoding=\"async\" src=\"https:\/\/www.cfaebi.pt\/portal\/wp-content\/uploads\/2025\/02\/seminario_dge_-_aprender_mais_agora.jpg\" alt=\"\" class=\"custom-expanded u-blog-control u-image u-image-default u-image-1\"><\/a>\n                <div class=\"u-blog-control u-post-content u-text u-text-3\"><p>\nNo dia 29 de janeiro de 2025, decorreu, no Convento S. Francisco, em&nbsp;Coimbra, o semin\u00e1rio \u201cAprender Mais Agora\u201d, destinado a diretores de &hellip;<\/p>\n                <\/div>\n                <a href=\"https:\/\/www.cfaebi.pt\/portal\/2025\/02\/18\/seminario-dge-aprender-mais-agora-2025\/\" class=\"u-active-none u-blog-control u-border-2 u-border-no-left u-border-no-right u-border-no-top u-border-palette-1-dark-2 u-btn u-btn-rectangle u-button-style u-hover-none u-none u-btn-1\">Ler mais<\/a>\n                <div class=\"u-border-2 u-border-palette-1-dark-2 u-line u-line-horizontal u-line-1\"><\/div>\n              <\/div>\n            <\/div>\n            <div class=\"u-blog-post u-container-style u-repeater-item u-white u-repeater-item-1\">\n              <div class=\"u-container-layout u-similar-container u-container-layout-1\">\n                <h3 class=\"u-blog-control u-text u-text-palette-1-dark-2 u-text-2\">\n                  <a class=\"u-post-header-link\" href=\"https:\/\/www.cfaebi.pt\/portal\/2025\/01\/30\/cfae-da-beira-interior-presente-no-seminario-aprender-mais-agora\/\">CFAE da Beira Interior presente no Semin\u00e1rio \"Aprender Mais Agora\"<\/a>\n                <\/h3>\n                <div class=\"u-blog-control u-metadata u-text-grey-25 u-metadata-1\">\n                  <span class=\"u-meta-date u-meta-icon\">30 de Janeiro, 2025<\/span>\n                <\/div><a class=\"custom-expanded u-blog-control u-image u-image-default u-image-1\" href=\"https:\/\/www.cfaebi.pt\/portal\/2025\/01\/30\/cfae-da-beira-interior-presente-no-seminario-aprender-mais-agora\/\">\n                <img decoding=\"async\" src=\"https:\/\/www.cfaebi.pt\/portal\/wp-content\/uploads\/2025\/01\/IMG_3608.png\" alt=\"\" class=\"custom-expanded u-blog-control u-image u-image-default u-image-1\"><\/a>\n                <div class=\"u-blog-control u-post-content u-text u-text-3\"><p>\nDecorreu no dia 29 de janeiro, o\u00a0Semin\u00e1rio \u201cAprender\u00a0Mais\u00a0Agora\u201d, no\u00a0Convento de S\u00e3o Francisco, em\u00a0Coimbra. Este evento contou com a presen\u00e7a do &hellip;<\/p>\n                <\/div>\n                <a href=\"https:\/\/www.cfaebi.pt\/portal\/2025\/01\/30\/cfae-da-beira-interior-presente-no-seminario-aprender-mais-agora\/\" class=\"u-active-none u-blog-control u-border-2 u-border-no-left u-border-no-right u-border-no-top u-border-palette-1-dark-2 u-btn u-btn-rectangle u-button-style u-hover-none u-none u-btn-1\">Ler mais<\/a>\n                <div class=\"u-border-2 u-border-palette-1-dark-2 u-line u-line-horizontal u-line-1\"><\/div>\n              <\/div>\n            <\/div>\n            <div class=\"u-blog-post u-container-style u-repeater-item u-white u-repeater-item-1\">\n              <div class=\"u-container-layout u-similar-container u-container-layout-1\">\n                <h3 class=\"u-blog-control u-text u-text-palette-1-dark-2 u-text-2\">\n                  <a class=\"u-post-header-link\" href=\"https:\/\/www.cfaebi.pt\/portal\/2025\/01\/22\/afcd-super-searchers\/\">AFCD Super Searchers<\/a>\n                <\/h3>\n                <div class=\"u-blog-control u-metadata u-text-grey-25 u-metadata-1\">\n                  <span class=\"u-meta-date u-meta-icon\">22 de Janeiro, 2025<\/span>\n                <\/div><a class=\"custom-expanded u-blog-control u-image u-image-default u-image-1\" href=\"https:\/\/www.cfaebi.pt\/portal\/2025\/01\/22\/afcd-super-searchers\/\">\n                <img decoding=\"async\" src=\"https:\/\/www.cfaebi.pt\/portal\/wp-content\/uploads\/2025\/01\/IMG_3589-scaled.jpeg\" alt=\"\" class=\"custom-expanded u-blog-control u-image u-image-default u-image-1\"><\/a>\n                <div class=\"u-blog-control u-post-content u-text u-text-3\"><p>\nCompet\u00eancias de pesquisa de informa\u00e7\u00e3o online.\n\n\n\nDecorreu no dia 22\/01\/2025 a A\u00e7\u00e3o de Forma\u00e7\u00e3o de Curta Dura\u00e7\u00e3o, promovida pelo CFAE de Beira &hellip;<\/p>\n                <\/div>\n                <a href=\"https:\/\/www.cfaebi.pt\/portal\/2025\/01\/22\/afcd-super-searchers\/\" class=\"u-active-none u-blog-control u-border-2 u-border-no-left u-border-no-right u-border-no-top u-border-palette-1-dark-2 u-btn u-btn-rectangle u-button-style u-hover-none u-none u-btn-1\">Ler mais<\/a>\n                <div class=\"u-border-2 u-border-palette-1-dark-2 u-line u-line-horizontal u-line-1\"><\/div>\n              <\/div>\n            <\/div>\n            <div class=\"u-blog-post u-container-style u-repeater-item u-white u-repeater-item-1\">\n              <div class=\"u-container-layout u-similar-container u-container-layout-1\">\n                <h3 class=\"u-blog-control u-text u-text-palette-1-dark-2 u-text-2\">\n                  <a class=\"u-post-header-link\" href=\"https:\/\/www.cfaebi.pt\/portal\/2025\/01\/07\/workshop-projeto-piloto-dos-manuais-escolares-ambientes-de-aprendizagem-inovadores\/\">Workshop - Projeto Piloto dos Manuais Escolares \"Ambientes de Aprendizagem Inovadores\"<\/a>\n                <\/h3>\n                <div class=\"u-blog-control u-metadata u-text-grey-25 u-metadata-1\">\n                  <span class=\"u-meta-date u-meta-icon\">7 de Janeiro, 2025<\/span>\n                <\/div><a class=\"custom-expanded u-blog-control u-image u-image-default u-image-1\" href=\"https:\/\/www.cfaebi.pt\/portal\/2025\/01\/07\/workshop-projeto-piloto-dos-manuais-escolares-ambientes-de-aprendizagem-inovadores\/\">\n                <img decoding=\"async\" src=\"https:\/\/www.cfaebi.pt\/portal\/wp-content\/uploads\/2025\/01\/472670992_998988378919102_4704486540907411410_n.jpg\" alt=\"\" class=\"custom-expanded u-blog-control u-image u-image-default u-image-1\"><\/a>\n                <div class=\"u-blog-control u-post-content u-text u-text-3\"><p>\nParticipe no Workshop 2 - \"Ambientes de aprendizagem inovadores\u201d e assista \u00e0 partilha de experi\u00eancias dos Agrupamentos de Escolas Dr. Francisco &hellip;<\/p>\n                <\/div>\n                <a href=\"https:\/\/www.cfaebi.pt\/portal\/2025\/01\/07\/workshop-projeto-piloto-dos-manuais-escolares-ambientes-de-aprendizagem-inovadores\/\" class=\"u-active-none u-blog-control u-border-2 u-border-no-left u-border-no-right u-border-no-top u-border-palette-1-dark-2 u-btn u-btn-rectangle u-button-style u-hover-none u-none u-btn-1\">Ler mais<\/a>\n                <div class=\"u-border-2 u-border-palette-1-dark-2 u-line u-line-horizontal u-line-1\"><\/div>\n              <\/div>\n            <\/div>\n            <div class=\"u-blog-post u-container-style u-repeater-item u-white u-repeater-item-1\">\n              <div class=\"u-container-layout u-similar-container u-container-layout-1\">\n                <h3 class=\"u-blog-control u-text u-text-palette-1-dark-2 u-text-2\">\n                  <a class=\"u-post-header-link\" href=\"https:\/\/www.cfaebi.pt\/portal\/2024\/12\/20\/acao-de-formacao-em-avaliacao-formativa-com-ferramentas-digitais-concluida-com-sucesso\/\">A\u00e7\u00e3o de forma\u00e7\u00e3o em avalia\u00e7\u00e3o formativa com ferramentas digitais conclu\u00edda com sucesso<\/a>\n                <\/h3>\n                <div class=\"u-blog-control u-metadata u-text-grey-25 u-metadata-1\">\n                  <span class=\"u-meta-date u-meta-icon\">20 de Dezembro, 2024<\/span>\n                <\/div><a class=\"custom-expanded u-blog-control u-image u-image-default u-image-1\" href=\"https:\/\/www.cfaebi.pt\/portal\/2024\/12\/20\/acao-de-formacao-em-avaliacao-formativa-com-ferramentas-digitais-concluida-com-sucesso\/\">\n                <img decoding=\"async\" src=\"https:\/\/www.cfaebi.pt\/portal\/wp-content\/uploads\/2024\/12\/img-20241130-163332-1024x462-1.jpg\" alt=\"\" class=\"custom-expanded u-blog-control u-image u-image-default u-image-1\"><\/a>\n                <div class=\"u-blog-control u-post-content u-text u-text-3\"><p>\nTerminou esta semana a a\u00e7\u00e3o de forma\u00e7\u00e3o \u201cPlataformas \u00a0digitais na avalia\u00e7\u00e3o formativa em contexto de sala de aula\u201d dinamizada pelo CFAEBI e no &hellip;<\/p>\n                <\/div>\n                <a href=\"https:\/\/www.cfaebi.pt\/portal\/2024\/12\/20\/acao-de-formacao-em-avaliacao-formativa-com-ferramentas-digitais-concluida-com-sucesso\/\" class=\"u-active-none u-blog-control u-border-2 u-border-no-left u-border-no-right u-border-no-top u-border-palette-1-dark-2 u-btn u-btn-rectangle u-button-style u-hover-none u-none u-btn-1\">Ler mais<\/a>\n                <div class=\"u-border-2 u-border-palette-1-dark-2 u-line u-line-horizontal u-line-1\"><\/div>\n              <\/div>\n            <\/div>\n            <div class=\"u-blog-post u-container-style u-repeater-item u-white u-repeater-item-1\">\n              <div class=\"u-container-layout u-similar-container u-container-layout-1\">\n                <h3 class=\"u-blog-control u-text u-text-palette-1-dark-2 u-text-2\">\n                  <a class=\"u-post-header-link\" href=\"https:\/\/www.cfaebi.pt\/portal\/2024\/12\/18\/plataforma-de-criacao-de-prompts-para-a-utilizacao-de-ia-no-ensino-cctic-castelo-branco\/\">Plataforma de Cria\u00e7\u00e3o de \"Prompts\" para a Utiliza\u00e7\u00e3o de IA no Ensino \u2013 CCTIC Castelo Branco<\/a>\n                <\/h3>\n                <div class=\"u-blog-control u-metadata u-text-grey-25 u-metadata-1\">\n                  <span class=\"u-meta-date u-meta-icon\">18 de Dezembro, 2024<\/span>\n                <\/div><a class=\"custom-expanded u-blog-control u-image u-image-default u-image-1\" href=\"https:\/\/www.cfaebi.pt\/portal\/2024\/12\/18\/plataforma-de-criacao-de-prompts-para-a-utilizacao-de-ia-no-ensino-cctic-castelo-branco\/\">\n                <img decoding=\"async\" src=\"https:\/\/www.cfaebi.pt\/portal\/wp-content\/uploads\/2024\/12\/logo_prompt.png\" alt=\"\" class=\"custom-expanded u-blog-control u-image u-image-default u-image-1\"><\/a>\n                <div class=\"u-blog-control u-post-content u-text u-text-3\"><p>\nO Centro de Compet\u00eancia em Tecnologias e Inova\u00e7\u00e3o Educativa (CCTIC) de Castelo Branco desenvolveu uma inovadora plataforma dedicada \u00e0 cria\u00e7\u00e3o e &hellip;<\/p>\n                <\/div>\n                <a href=\"https:\/\/www.cfaebi.pt\/portal\/2024\/12\/18\/plataforma-de-criacao-de-prompts-para-a-utilizacao-de-ia-no-ensino-cctic-castelo-branco\/\" class=\"u-active-none u-blog-control u-border-2 u-border-no-left u-border-no-right u-border-no-top u-border-palette-1-dark-2 u-btn u-btn-rectangle u-button-style u-hover-none u-none u-btn-1\">Ler mais<\/a>\n                <div class=\"u-border-2 u-border-palette-1-dark-2 u-line u-line-horizontal u-line-1\"><\/div>\n              <\/div>\n            <\/div>\n            <div class=\"u-blog-post u-container-style u-repeater-item u-white u-repeater-item-1\">\n              <div class=\"u-container-layout u-similar-container u-container-layout-1\">\n                <h3 class=\"u-blog-control u-text u-text-palette-1-dark-2 u-text-2\">\n                  <a class=\"u-post-header-link\" href=\"https:\/\/www.cfaebi.pt\/portal\/2024\/12\/15\/afcd-covilha-educadora-wool\/\">AFCD - Covilh\u00e3 Educadora\/Wool<\/a>\n                <\/h3>\n                <div class=\"u-blog-control u-metadata u-text-grey-25 u-metadata-1\">\n                  <span class=\"u-meta-date u-meta-icon\">15 de Dezembro, 2024<\/span>\n                <\/div><a class=\"custom-expanded u-blog-control u-image u-image-default u-image-1\" href=\"https:\/\/www.cfaebi.pt\/portal\/2024\/12\/15\/afcd-covilha-educadora-wool\/\">\n                <img decoding=\"async\" src=\"https:\/\/www.cfaebi.pt\/portal\/wp-content\/uploads\/2024\/12\/WhatsApp-Image-2024-12-14-at-22.06.26-1.jpeg\" alt=\"\" class=\"custom-expanded u-blog-control u-image u-image-default u-image-1\"><\/a>\n                <div class=\"u-blog-control u-post-content u-text u-text-3\"><p>\nNo dia 14 de dezembro, realizou-se uma A\u00e7\u00e3o de Forma\u00e7\u00e3o de Curta Dura\u00e7\u00e3o (AFCD) \"Covilh\u00e3 Educadora\/Wool\", no \u00e2mbito do 1\u00ba ENCONTRO COVILH\u00c3 &hellip;<\/p>\n                <\/div>\n                <a href=\"https:\/\/www.cfaebi.pt\/portal\/2024\/12\/15\/afcd-covilha-educadora-wool\/\" class=\"u-active-none u-blog-control u-border-2 u-border-no-left u-border-no-right u-border-no-top u-border-palette-1-dark-2 u-btn u-btn-rectangle u-button-style u-hover-none u-none u-btn-1\">Ler mais<\/a>\n                <div class=\"u-border-2 u-border-palette-1-dark-2 u-line u-line-horizontal u-line-1\"><\/div>\n              <\/div>\n            <\/div>\n            <div class=\"u-blog-post u-container-style u-repeater-item u-white u-repeater-item-1\">\n              <div class=\"u-container-layout u-similar-container u-container-layout-1\">\n                <h3 class=\"u-blog-control u-text u-text-palette-1-dark-2 u-text-2\">\n                  <a class=\"u-post-header-link\" href=\"https:\/\/www.cfaebi.pt\/portal\/2024\/12\/11\/laboratorios-de-educacao-digital-led\/\">Laborat\u00f3rios de Educa\u00e7\u00e3o Digital (LED)<\/a>\n                <\/h3>\n                <div class=\"u-blog-control u-metadata u-text-grey-25 u-metadata-1\">\n                  <span class=\"u-meta-date u-meta-icon\">11 de Dezembro, 2024<\/span>\n                <\/div><a class=\"custom-expanded u-blog-control u-image u-image-default u-image-1\" href=\"https:\/\/www.cfaebi.pt\/portal\/2024\/12\/11\/laboratorios-de-educacao-digital-led\/\">\n                <img decoding=\"async\" src=\"https:\/\/www.cfaebi.pt\/portal\/wp-content\/uploads\/2024\/12\/IMG_3407-576x1024.png\" alt=\"\" class=\"custom-expanded u-blog-control u-image u-image-default u-image-1\"><\/a>\n                <div class=\"u-blog-control u-post-content u-text u-text-3\"><p>\nNo \u00e2mbito definido na Componente C20 do Plano de Recupera\u00e7\u00e3o e Resili\u00eancia (PRR)1&nbsp;- Investimento \u201cTD-C20-i01: Transi\u00e7\u00e3o digital na Educa\u00e7\u00e3o\u201d, &hellip;<\/p>\n                <\/div>\n                <a href=\"https:\/\/www.cfaebi.pt\/portal\/2024\/12\/11\/laboratorios-de-educacao-digital-led\/\" class=\"u-active-none u-blog-control u-border-2 u-border-no-left u-border-no-right u-border-no-top u-border-palette-1-dark-2 u-btn u-btn-rectangle u-button-style u-hover-none u-none u-btn-1\">Ler mais<\/a>\n                <div class=\"u-border-2 u-border-palette-1-dark-2 u-line u-line-horizontal u-line-1\"><\/div>\n              <\/div>\n            <\/div>\n            <div class=\"u-blog-post u-container-style u-repeater-item u-white u-repeater-item-1\">\n              <div class=\"u-container-layout u-similar-container u-container-layout-1\">\n                <h3 class=\"u-blog-control u-text u-text-palette-1-dark-2 u-text-2\">\n                  <a class=\"u-post-header-link\" href=\"https:\/\/www.cfaebi.pt\/portal\/2022\/09\/12\/o-que-muda-neste-novo-ano-letivo\/\">O que muda neste novo ano letivo?<\/a>\n                <\/h3>\n                <div class=\"u-blog-control u-metadata u-text-grey-25 u-metadata-1\">\n                  <span class=\"u-meta-date u-meta-icon\">12 de Setembro, 2022<\/span>\n                <\/div><a class=\"custom-expanded u-blog-control u-image u-image-default u-image-1\" href=\"https:\/\/www.cfaebi.pt\/portal\/2022\/09\/12\/o-que-muda-neste-novo-ano-letivo\/\">\n                <img decoding=\"async\" src=\"https:\/\/www.cfaebi.pt\/portal\/wp-content\/uploads\/2022\/09\/escola-2.png\" alt=\"\" class=\"custom-expanded u-blog-control u-image u-image-default u-image-1\"><\/a>\n                <div class=\"u-blog-control u-post-content u-text u-text-3\"><p>\nAs aulas arrancam esta semana para cerca de 1,3 milh\u00f5es de alunos. Desde o ensino pr\u00e9-escolar at\u00e9 ao secund\u00e1rio, h\u00e1 cerca de 150 mil educadores de &hellip;<\/p>\n                <\/div>\n                <a href=\"https:\/\/www.cfaebi.pt\/portal\/2022\/09\/12\/o-que-muda-neste-novo-ano-letivo\/\" class=\"u-active-none u-blog-control u-border-2 u-border-no-left u-border-no-right u-border-no-top u-border-palette-1-dark-2 u-btn u-btn-rectangle u-button-style u-hover-none u-none u-btn-1\">Ler mais<\/a>\n                <div class=\"u-border-2 u-border-palette-1-dark-2 u-line u-line-horizontal u-line-1\"><\/div>\n              <\/div>\n            <\/div>\n            <div class=\"u-blog-post u-container-style u-repeater-item u-white u-repeater-item-1\">\n              <div class=\"u-container-layout u-similar-container u-container-layout-1\">\n                <h3 class=\"u-blog-control u-text u-text-palette-1-dark-2 u-text-2\">\n                  <a class=\"u-post-header-link\" href=\"https:\/\/www.cfaebi.pt\/portal\/2021\/11\/24\/sete-em-cada-10-alunos-terminam-o-secundario-nos-tres-anos-esperados\/\">Sete em cada 10 alunos terminam o secund\u00e1rio nos tr\u00eas anos esperados<\/a>\n                <\/h3>\n                <div class=\"u-blog-control u-metadata u-text-grey-25 u-metadata-1\">\n                  <span class=\"u-meta-date u-meta-icon\">24 de Novembro, 2021<\/span>\n                <\/div><a class=\"custom-expanded u-blog-control u-image u-image-default u-image-1\" href=\"https:\/\/www.cfaebi.pt\/portal\/2021\/11\/24\/sete-em-cada-10-alunos-terminam-o-secundario-nos-tres-anos-esperados\/\">\n                <img decoding=\"async\" src=\"https:\/\/www.cfaebi.pt\/portal\/wp-content\/uploads\/2022\/01\/kids-girl-pencil-drawing-159823.jpeg\" alt=\"\" class=\"custom-expanded u-blog-control u-image u-image-default u-image-1\"><\/a>\n                <div class=\"u-blog-control u-post-content u-text u-text-3\"><p>\nEstudo diz tamb\u00e9m que os alunos que iniciam o secund\u00e1rio com 15 anos, a idade normal, t\u00eam melhores resultados.\n\n\n\n\n\n\n\nSete em cada 10 alunos &hellip;<\/p>\n                <\/div>\n                <a href=\"https:\/\/www.cfaebi.pt\/portal\/2021\/11\/24\/sete-em-cada-10-alunos-terminam-o-secundario-nos-tres-anos-esperados\/\" class=\"u-active-none u-blog-control u-border-2 u-border-no-left u-border-no-right u-border-no-top u-border-palette-1-dark-2 u-btn u-btn-rectangle u-button-style u-hover-none u-none u-btn-1\">Ler mais<\/a>\n                <div class=\"u-border-2 u-border-palette-1-dark-2 u-line u-line-horizontal u-line-1\"><\/div>\n              <\/div>\n            <\/div>\n            <div class=\"u-blog-post u-container-style u-repeater-item u-white u-repeater-item-1\">\n              <div class=\"u-container-layout u-similar-container u-container-layout-1\">\n                <h3 class=\"u-blog-control u-text u-text-palette-1-dark-2 u-text-2\">\n                  <a class=\"u-post-header-link\" href=\"https:\/\/www.cfaebi.pt\/portal\/2021\/10\/22\/a-importancia-do-padde-nas-escolas\/\">A import\u00e2ncia do PADDE nas escolas<\/a>\n                <\/h3>\n                <div class=\"u-blog-control u-metadata u-text-grey-25 u-metadata-1\">\n                  <span class=\"u-meta-date u-meta-icon\">22 de Outubro, 2021<\/span>\n                <\/div><a class=\"custom-expanded u-blog-control u-image u-image-default u-image-1\" href=\"https:\/\/www.cfaebi.pt\/portal\/2021\/10\/22\/a-importancia-do-padde-nas-escolas\/\">\n                <img decoding=\"async\" src=\"https:\/\/www.cfaebi.pt\/portal\/wp-content\/uploads\/2022\/05\/post_thumbnail-3927b78bc079faad6ed9409769f0fe75.jpeg\" alt=\"\" class=\"custom-expanded u-blog-control u-image u-image-default u-image-1\"><\/a>\n                <div class=\"u-blog-control u-post-content u-text u-text-3\"><p>\nO&nbsp;PADDE&nbsp;pretende ser um instrumento estrat\u00e9gico, orientador e facilitador da adapta\u00e7\u00e3o e implementa\u00e7\u00e3o das tecnologias digitais nos &hellip;<\/p>\n                <\/div>\n                <a href=\"https:\/\/www.cfaebi.pt\/portal\/2021\/10\/22\/a-importancia-do-padde-nas-escolas\/\" class=\"u-active-none u-blog-control u-border-2 u-border-no-left u-border-no-right u-border-no-top u-border-palette-1-dark-2 u-btn u-btn-rectangle u-button-style u-hover-none u-none u-btn-1\">Ler mais<\/a>\n                <div class=\"u-border-2 u-border-palette-1-dark-2 u-line u-line-horizontal u-line-1\"><\/div>\n              <\/div>\n            <\/div>\n            <div class=\"u-blog-post u-container-style u-repeater-item u-white u-repeater-item-1\">\n              <div class=\"u-container-layout u-similar-container u-container-layout-1\">\n                <h3 class=\"u-blog-control u-text u-text-palette-1-dark-2 u-text-2\">\n                  <a class=\"u-post-header-link\" href=\"https:\/\/www.cfaebi.pt\/portal\/2021\/09\/08\/cidadaos-precisam-de-instrumentos-contra-desinformacao-que-mina-as-democracias\/\">Cidad\u00e3os precisam de instrumentos contra desinforma\u00e7\u00e3o que \"mina as democracias\"<\/a>\n                <\/h3>\n                <div class=\"u-blog-control u-metadata u-text-grey-25 u-metadata-1\">\n                  <span class=\"u-meta-date u-meta-icon\">8 de Setembro, 2021<\/span>\n                <\/div><a class=\"custom-expanded u-blog-control u-image u-image-default u-image-1\" href=\"https:\/\/www.cfaebi.pt\/portal\/2021\/09\/08\/cidadaos-precisam-de-instrumentos-contra-desinformacao-que-mina-as-democracias\/\">\n                <img decoding=\"async\" src=\"https:\/\/www.cfaebi.pt\/portal\/wp-content\/uploads\/2021\/09\/computador-1.jpg\" alt=\"\" class=\"custom-expanded u-blog-control u-image u-image-default u-image-1\"><\/a>\n                <div class=\"u-blog-control u-post-content u-text u-text-3\"><p>\nO secret\u00e1rio de Estado do Cinema, Audiovisual e Media defendeu esta quarta-feira que os cidad\u00e3os preparados para o futuro t\u00eam de estar informados &hellip;<\/p>\n                <\/div>\n                <a href=\"https:\/\/www.cfaebi.pt\/portal\/2021\/09\/08\/cidadaos-precisam-de-instrumentos-contra-desinformacao-que-mina-as-democracias\/\" class=\"u-active-none u-blog-control u-border-2 u-border-no-left u-border-no-right u-border-no-top u-border-palette-1-dark-2 u-btn u-btn-rectangle u-button-style u-hover-none u-none u-btn-1\">Ler mais<\/a>\n                <div class=\"u-border-2 u-border-palette-1-dark-2 u-line u-line-horizontal u-line-1\"><\/div>\n              <\/div>\n            <\/div>\n            <div class=\"u-blog-post u-container-style u-repeater-item u-white u-repeater-item-1\">\n              <div class=\"u-container-layout u-similar-container u-container-layout-1\">\n                <h3 class=\"u-blog-control u-text u-text-palette-1-dark-2 u-text-2\">\n                  <a class=\"u-post-header-link\" href=\"https:\/\/www.cfaebi.pt\/portal\/2021\/02\/06\/todos-os-manuais-digitais-disponiveis-ate-no-telemovel\/\">Todos os manuais digitais dispon\u00edveis (at\u00e9 no telem\u00f3vel)<\/a>\n                <\/h3>\n                <div class=\"u-blog-control u-metadata u-text-grey-25 u-metadata-1\">\n                  <span class=\"u-meta-date u-meta-icon\">6 de Fevereiro, 2021<\/span>\n                <\/div><a class=\"custom-expanded u-blog-control u-image u-image-default u-image-1\" href=\"https:\/\/www.cfaebi.pt\/portal\/2021\/02\/06\/todos-os-manuais-digitais-disponiveis-ate-no-telemovel\/\">\n                <img decoding=\"async\" src=\"https:\/\/www.cfaebi.pt\/portal\/wp-content\/uploads\/2021\/02\/ipad-820272_1920.jpg\" alt=\"\" class=\"custom-expanded u-blog-control u-image u-image-default u-image-1\"><\/a>\n                <div class=\"u-blog-control u-post-content u-text u-text-3\"><p>\nGrupo Porto Editora abre acesso a todos os livros escolares em formato digital e recursos complementares na plataforma Escola Virtual. De todas as &hellip;<\/p>\n                <\/div>\n                <a href=\"https:\/\/www.cfaebi.pt\/portal\/2021\/02\/06\/todos-os-manuais-digitais-disponiveis-ate-no-telemovel\/\" class=\"u-active-none u-blog-control u-border-2 u-border-no-left u-border-no-right u-border-no-top u-border-palette-1-dark-2 u-btn u-btn-rectangle u-button-style u-hover-none u-none u-btn-1\">Ler mais<\/a>\n                <div class=\"u-border-2 u-border-palette-1-dark-2 u-line u-line-horizontal u-line-1\"><\/div>\n              <\/div>\n            <\/div>\n            <div class=\"u-blog-post u-container-style u-repeater-item u-white u-repeater-item-1\">\n              <div class=\"u-container-layout u-similar-container u-container-layout-1\">\n                <h3 class=\"u-blog-control u-text u-text-palette-1-dark-2 u-text-2\">\n                  <a class=\"u-post-header-link\" href=\"https:\/\/www.cfaebi.pt\/portal\/2021\/02\/06\/ensino-profissional-mais-oferta-mais-aptidoes-mais-saidas\/\">Ensino profissional: mais oferta, mais aptid\u00f5es, mais sa\u00eddas<\/a>\n                <\/h3>\n                <div class=\"u-blog-control u-metadata u-text-grey-25 u-metadata-1\">\n                  <span class=\"u-meta-date u-meta-icon\">6 de Fevereiro, 2021<\/span>\n                <\/div><a class=\"custom-expanded u-blog-control u-image u-image-default u-image-1\" href=\"https:\/\/www.cfaebi.pt\/portal\/2021\/02\/06\/ensino-profissional-mais-oferta-mais-aptidoes-mais-saidas\/\">\n                <img decoding=\"async\" src=\"https:\/\/www.cfaebi.pt\/portal\/wp-content\/uploads\/2021\/02\/college-2104580_1920.jpg\" alt=\"\" class=\"custom-expanded u-blog-control u-image u-image-default u-image-1\"><\/a>\n                <div class=\"u-blog-control u-post-content u-text u-text-3\"><p>\nO n\u00famero de cursos profissionais aumentou na \u00faltima d\u00e9cada, quase 41% dos alunos optaram por este percurso no ano letivo de 2018\/2019. As taxas de &hellip;<\/p>\n                <\/div>\n                <a href=\"https:\/\/www.cfaebi.pt\/portal\/2021\/02\/06\/ensino-profissional-mais-oferta-mais-aptidoes-mais-saidas\/\" class=\"u-active-none u-blog-control u-border-2 u-border-no-left u-border-no-right u-border-no-top u-border-palette-1-dark-2 u-btn u-btn-rectangle u-button-style u-hover-none u-none u-btn-1\">Ler mais<\/a>\n                <div class=\"u-border-2 u-border-palette-1-dark-2 u-line u-line-horizontal u-line-1\"><\/div>\n              <\/div>\n            <\/div>\n            <div class=\"u-blog-post u-container-style u-repeater-item u-white u-repeater-item-1\">\n              <div class=\"u-container-layout u-similar-container u-container-layout-1\">\n                <h3 class=\"u-blog-control u-text u-text-palette-1-dark-2 u-text-2\">\n                  <a class=\"u-post-header-link\" href=\"https:\/\/www.cfaebi.pt\/portal\/2021\/02\/06\/plano-de-capacitacao-digital-de-docentes\/\">Plano de Capacita\u00e7\u00e3o Digital de Docentes<\/a>\n                <\/h3>\n                <div class=\"u-blog-control u-metadata u-text-grey-25 u-metadata-1\">\n                  <span class=\"u-meta-date u-meta-icon\">6 de Fevereiro, 2021<\/span>\n                <\/div><a class=\"custom-expanded u-blog-control u-image u-image-default u-image-1\" href=\"https:\/\/www.cfaebi.pt\/portal\/2021\/02\/06\/plano-de-capacitacao-digital-de-docentes\/\">\n                <img decoding=\"async\" src=\"https:\/\/www.cfaebi.pt\/portal\/wp-content\/uploads\/2021\/02\/portugaldigital01.png\" alt=\"\" class=\"custom-expanded u-blog-control u-image u-image-default u-image-1\"><\/a>\n                <div class=\"u-blog-control u-post-content u-text u-text-3\"><p>\nA Dire\u00e7\u00e3o-Geral da Educa\u00e7\u00e3o, enquanto entidade respons\u00e1vel pela elabora\u00e7\u00e3o e implementa\u00e7\u00e3o do Plano de Capacita\u00e7\u00e3o Digital de Docentes, iniciou j\u00e1 &hellip;<\/p>\n                <\/div>\n                <a href=\"https:\/\/www.cfaebi.pt\/portal\/2021\/02\/06\/plano-de-capacitacao-digital-de-docentes\/\" class=\"u-active-none u-blog-control u-border-2 u-border-no-left u-border-no-right u-border-no-top u-border-palette-1-dark-2 u-btn u-btn-rectangle u-button-style u-hover-none u-none u-btn-1\">Ler mais<\/a>\n                <div class=\"u-border-2 u-border-palette-1-dark-2 u-line u-line-horizontal u-line-1\"><\/div>\n              <\/div>\n            <\/div>\n          <\/div>\n          <div class=\"has-pagination u-list-control\">\n          <\/div>\n        <\/div>\n      <\/div>\n    <\/section>\n    \n    \n    \n  \n","protected":false},"excerpt":{"rendered":"<p>Not\u00edcias Apresenta\u00e7\u00e3o do projeto RUMO integrada no 2\u00ba Encontro &#8220;Covilh\u00e3 Cidade Educadora&#8221; 16 de Mar\u00e7o, 2026 O\u00a0Projeto RUMO\u00a0foi apresentado no\u00a02.\u00ba Encontro da Covilh\u00e3 Educadora, que decorreu entre os dias\u00a011 e 14 de mar\u00e7o de 2026\u00a0e que se centrou nos &hellip; Ler mais CFAEBI adere Objetivos de Desenvolvimento Sustent\u00e1vel (ODS) 9 de Mar\u00e7o, 2026 O Centro &hellip; <a href=\"https:\/\/www.cfaebi.pt\/portal\/noticias\/\" class=\"more-link\">Continue reading<span class=\"screen-reader-text\"> &#8220;Not\u00edcias&#8221;<\/span><\/a><\/p>\n","protected":false},"author":1,"featured_media":0,"parent":0,"menu_order":0,"comment_status":"closed","ping_status":"closed","template":"","meta":{"footnotes":""},"class_list":["post-1196","page","type-page","status-publish","hentry"],"_links":{"self":[{"href":"https:\/\/www.cfaebi.pt\/portal\/wp-json\/wp\/v2\/pages\/1196","targetHints":{"allow":["GET"]}}],"collection":[{"href":"https:\/\/www.cfaebi.pt\/portal\/wp-json\/wp\/v2\/pages"}],"about":[{"href":"https:\/\/www.cfaebi.pt\/portal\/wp-json\/wp\/v2\/types\/page"}],"author":[{"embeddable":true,"href":"https:\/\/www.cfaebi.pt\/portal\/wp-json\/wp\/v2\/users\/1"}],"replies":[{"embeddable":true,"href":"https:\/\/www.cfaebi.pt\/portal\/wp-json\/wp\/v2\/comments?post=1196"}],"version-history":[{"count":12,"href":"https:\/\/www.cfaebi.pt\/portal\/wp-json\/wp\/v2\/pages\/1196\/revisions"}],"predecessor-version":[{"id":1309,"href":"https:\/\/www.cfaebi.pt\/portal\/wp-json\/wp\/v2\/pages\/1196\/revisions\/1309"}],"wp:attachment":[{"href":"https:\/\/www.cfaebi.pt\/portal\/wp-json\/wp\/v2\/media?parent=1196"}],"curies":[{"name":"wp","href":"https:\/\/api.w.org\/{rel}","templated":true}]}}